{"id":8,"date":"2021-08-09T14:27:51","date_gmt":"2021-08-09T14:27:51","guid":{"rendered":"https:\/\/tagesfamilien-risa.ch\/?page_id=8"},"modified":"2025-08-29T08:09:11","modified_gmt":"2025-08-29T06:09:11","slug":"ueber-uns","status":"publish","type":"page","link":"https:\/\/tagesfamilien-risa.ch\/?page_id=8","title":{"rendered":"\u00dcber uns"},"content":{"rendered":"\n<p>Der 2010 gegr\u00fcndete  <strong>Tagesfamilienverein Richterswil-Samstagern<\/strong> hat mit der politischen Gemeinde Richterswil eine Leistungsvereinbarung abgeschlossen, dank welcher wir einkommensabh\u00e4ngige Betreuungstarife anbieten k\u00f6nnen.<\/p>\n\n\n\n<p>Die strategische Leitung des Vereins obliegt dem aus mindestens drei Personen bestehenden Vorstand.&nbsp;Die operativen Gesch\u00e4fte werden durch die Vermittlung und das Sekretariat wahrgenommen.&nbsp;<\/p>\n\n\n\n<figure class=\"wp-block-image size-large\"><img loading=\"lazy\" decoding=\"async\" width=\"1024\" height=\"556\" src=\"https:\/\/tagesfamilien-risa.ch\/wp-content\/uploads\/2025\/08\/Vorstand-2025_Foto1-1-1024x556.png\" alt=\"\" class=\"wp-image-604\" srcset=\"https:\/\/tagesfamilien-risa.ch\/wp-content\/uploads\/2025\/08\/Vorstand-2025_Foto1-1-1024x556.png 1024w, https:\/\/tagesfamilien-risa.ch\/wp-content\/uploads\/2025\/08\/Vorstand-2025_Foto1-1-300x163.png 300w, https:\/\/tagesfamilien-risa.ch\/wp-content\/uploads\/2025\/08\/Vorstand-2025_Foto1-1-768x417.png 768w, https:\/\/tagesfamilien-risa.ch\/wp-content\/uploads\/2025\/08\/Vorstand-2025_Foto1-1-1536x834.png 1536w, https:\/\/tagesfamilien-risa.ch\/wp-content\/uploads\/2025\/08\/Vorstand-2025_Foto1-1-2048x1112.png 2048w\" sizes=\"auto, (max-width: 1024px) 100vw, 1024px\" \/><figcaption class=\"wp-element-caption\">Vorstand des Tagesfamilienvereins, Stand 2025, von rechts: Marlies Preisner (Vorstand), Regina Wey (Pr\u00e4sidium), Tanja Schellenberg Ricchello (Vorstand), Elisabeth Horlacher (Vorstand), Claudia Frei (Vermittlung), Sandra Baur (Sekretariat). .<\/figcaption><\/figure>\n\n\n\n<p>Unsere Betreuungspersonen in Tagesfamilien sind vom Verein angestellt; die gesetzlichen Sozialleistungen und Versicherungen werden abgerechnet.<br>Die vom Verein angestellte Vermittlerin begleitet das Betreuungsverh\u00e4ltnis vom ersten Moment an und unterst\u00fctzt die Beteiligten bei Fragen oder Problemen. Sie achtet auf die an den Betreuungsplatz gestellten Bed\u00fcrfnisse der Eltern und vermittelt eine entsprechend geeignete Tagesfamilie. Die Betreuungszeiten werden zusammen mit der Tagesfamilie abgesprochen. Alle Abmachungen werden in einer Betreuungsvereinbarung festgehalten. Das Sekretariat \u00fcbernimmt die Verrechnung der Betreuungsstunden an die Eltern sowie die Lohnzahlung an die Betreuungspersonen in Tagesfamilien.&nbsp;<\/p>\n\n\n\n<div class=\"wp-block-group\"><div class=\"wp-block-group__inner-container is-layout-constrained wp-block-group-is-layout-constrained\">\n<div class=\"wp-block-group\"><div class=\"wp-block-group__inner-container is-layout-constrained wp-block-group-is-layout-constrained\">\n<div class=\"wp-block-group\"><div class=\"wp-block-group__inner-container is-layout-constrained wp-block-group-is-layout-constrained\">\n<div class=\"wp-block-group\"><div class=\"wp-block-group__inner-container is-layout-constrained wp-block-group-is-layout-constrained\">\n<div class=\"wp-block-group is-vertical is-layout-flex wp-container-core-group-is-layout-8cf370e7 wp-block-group-is-layout-flex\">\n<div class=\"wp-block-group\"><div class=\"wp-block-group__inner-container is-layout-constrained wp-block-group-is-layout-constrained\">\n<div class=\"wp-block-group is-vertical is-layout-flex wp-container-core-group-is-layout-8cf370e7 wp-block-group-is-layout-flex\">\n<p><strong>M\u00f6chten Sie unseren Verein unterst\u00fctzen?  <\/strong><\/p>\n\n\n\n<p>Die <strong>Mitgliedschaft<\/strong> in unserem Verein kostet CHF 40.00 pro Jahr, die Beitrittserkl\u00e4rung finden Sie&nbsp;<a href=\"https:\/\/tagesfamilien-risa.ch\/wp-content\/uploads\/2024\/06\/Beitrittserklaerung-ab-1.1.24.pdf\" target=\"_blank\" rel=\"noreferrer noopener\">hier<\/a>.<\/p>\n\n\n\n<p>Auch freuen wir uns \u00fcber allf\u00e4llige <strong>Spenden<\/strong> auf Postcheckkonto: 85-144942-8, damit wir unsere Tarife moderat halten und uns weiterentwickeln k\u00f6nnen. <\/p>\n<\/div>\n<\/div><\/div>\n\n\n\n<p><\/p>\n\n\n\n<p><\/p>\n\n\n\n<p><strong>Jahresberichte des Tagesfamilienvereins Richterswil-Samstagern<\/strong><\/p>\n\n\n\n<p><a href=\"https:\/\/tagesfamilien-risa.ch\/wp-content\/uploads\/2025\/06\/Jahresbericht24_MV.pdf\">Jahresbericht 2024<\/a><\/p>\n\n\n\n<p><a href=\"https:\/\/tagesfamilien-risa.ch\/wp-content\/uploads\/2024\/06\/Jahresbericht_2023.pdf\">Jahresbericht 2023<\/a><\/p>\n\n\n\n<p><a href=\"https:\/\/tagesfamilien-risa.ch\/wp-content\/uploads\/2023\/07\/Jahresbericht-2022_def_Tagesfamilienverein-Richterswil-002-1.pdf\">Jahresbericht 2022<\/a><\/p>\n\n\n\n<p><a href=\"https:\/\/tagesfamilien-risa.ch\/wp-content\/uploads\/2022\/09\/Jahresbericht-2021-Tagesfamilienverein-Richterswil.pdf\">Jahresbericht 2021<\/a><\/p>\n\n\n\n<p><a href=\"https:\/\/tagesfamilien-risa.ch\/wp-content\/uploads\/2021\/08\/Jahresbericht-2020-Tagesfamilienverein-Richterswil.pdf\">Jahresbericht 2020<\/a><\/p>\n\n\n\n<p><a href=\"https:\/\/tagesfamilien-risa.ch\/wp-content\/uploads\/2024\/11\/Jahresbericht-2019-Tagesfamilienverein-Richterswil.pdf\">Jahresbericht 2019<\/a><\/p>\n\n\n\n<p><a href=\"https:\/\/tagesfamilien-risa.ch\/wp-content\/uploads\/2024\/11\/Jahresbericht-2018-Tagesfamilienverein-Richterswil.pdf\">Jahresbericht 2018<\/a><\/p>\n<\/div>\n<\/div><\/div>\n<\/div><\/div>\n<\/div><\/div>\n<\/div><\/div>\n\n\n\n<div class=\"wp-block-group is-nowrap is-layout-flex wp-container-core-group-is-layout-ad2f72ca wp-block-group-is-layout-flex\">\n<p><\/p>\n<\/div>\n\n\n\n<div class=\"wp-block-group is-vertical is-layout-flex wp-container-core-group-is-layout-b7faace9 wp-block-group-is-layout-flex\">\n<p><\/p>\n\n\n\n<p><strong>Medienberichte<\/strong><\/p>\n\n\n\n<p>Z<a href=\"https:\/\/tagesfamilien-risa.ch\/wp-content\/uploads\/2021\/08\/2015_06_19_ZSZ_Tagesfamilienverein_Neue-Praesidentin_1.pdf\" target=\"_blank\" rel=\"noreferrer noopener\">eitungsbericht<\/a><a href=\"#\">&nbsp;<\/a>in der \u2018ZSZ\u2019 vom 19.Juni 2015 zum Pr\u00e4sidiumswechsel<\/p>\n<\/div>\n\n\n\n<p><\/p>\n","protected":false},"excerpt":{"rendered":"<p>Der 2010 gegr\u00fcndete Tagesfamilienverein Richterswil-Samstagern hat mit der politischen Gemeinde Richterswil eine Leistungsvereinbarung abgeschlossen, dank welcher wir einkommensabh\u00e4ngige Betreuungstarife anbieten k\u00f6nnen. Die strategische Leitung des Vereins obliegt dem aus mindestens drei Personen bestehenden Vorstand.&nbsp;Die operativen Gesch\u00e4fte werden durch die Vermittlung und das Sekretariat wahrgenommen.&nbsp; Unsere Betreuungspersonen in Tagesfamilien sind vom Verein angestellt; die gesetzlichen Sozialleistungen &hellip; <a href=\"https:\/\/tagesfamilien-risa.ch\/?page_id=8\" class=\"more-link\"><span class=\"screen-reader-text\">\u00dcber uns<\/span> weiterlesen<\/a><\/p>\n","protected":false},"author":4,"featured_media":0,"parent":0,"menu_order":0,"comment_status":"closed","ping_status":"closed","template":"","meta":{"footnotes":""},"class_list":["post-8","page","type-page","status-publish","hentry"],"yoast_head":"<!-- This site is optimized with the Yoast SEO plugin v27.4 - https:\/\/yoast.com\/product\/yoast-seo-wordpress\/ -->\n<title>\u00dcber uns - Tagesfamilienverein Richterswil-Samstagern<\/title>\n<meta name=\"robots\" content=\"index, follow, max-snippet:-1, max-image-preview:large, max-video-preview:-1\" \/>\n<link rel=\"canonical\" href=\"https:\/\/tagesfamilien-risa.ch\/?page_id=8\" \/>\n<meta property=\"og:locale\" content=\"de_DE\" \/>\n<meta property=\"og:type\" content=\"article\" \/>\n<meta property=\"og:title\" content=\"\u00dcber uns - Tagesfamilienverein Richterswil-Samstagern\" \/>\n<meta property=\"og:description\" content=\"Der 2010 gegr\u00fcndete Tagesfamilienverein Richterswil-Samstagern hat mit der politischen Gemeinde Richterswil eine Leistungsvereinbarung abgeschlossen, dank welcher wir einkommensabh\u00e4ngige Betreuungstarife anbieten k\u00f6nnen. Die strategische Leitung des Vereins obliegt dem aus mindestens drei Personen bestehenden Vorstand.&nbsp;Die operativen Gesch\u00e4fte werden durch die Vermittlung und das Sekretariat wahrgenommen.&nbsp; Unsere Betreuungspersonen in Tagesfamilien sind vom Verein angestellt; die gesetzlichen Sozialleistungen &hellip; \u00dcber uns weiterlesen\" \/>\n<meta property=\"og:url\" content=\"https:\/\/tagesfamilien-risa.ch\/?page_id=8\" \/>\n<meta property=\"og:site_name\" content=\"Tagesfamilienverein Richterswil-Samstagern\" \/>\n<meta property=\"article:modified_time\" content=\"2025-08-29T06:09:11+00:00\" \/>\n<meta property=\"og:image\" content=\"https:\/\/tagesfamilien-risa.ch\/wp-content\/uploads\/2025\/08\/Vorstand-2025_Foto1-1-1024x556.png\" \/>\n\t<meta property=\"og:image:width\" content=\"1024\" \/>\n\t<meta property=\"og:image:height\" content=\"556\" \/>\n\t<meta property=\"og:image:type\" content=\"image\/png\" \/>\n<meta name=\"twitter:card\" content=\"summary_large_image\" \/>\n<meta name=\"twitter:label1\" content=\"Gesch\u00e4tzte Lesezeit\" \/>\n\t<meta name=\"twitter:data1\" content=\"2\u00a0Minuten\" \/>\n<script type=\"application\/ld+json\" class=\"yoast-schema-graph\">{\"@context\":\"https:\\\/\\\/schema.org\",\"@graph\":[{\"@type\":\"WebPage\",\"@id\":\"https:\\\/\\\/tagesfamilien-risa.ch\\\/?page_id=8\",\"url\":\"https:\\\/\\\/tagesfamilien-risa.ch\\\/?page_id=8\",\"name\":\"\u00dcber uns - Tagesfamilienverein Richterswil-Samstagern\",\"isPartOf\":{\"@id\":\"https:\\\/\\\/tagesfamilien-risa.ch\\\/#website\"},\"primaryImageOfPage\":{\"@id\":\"https:\\\/\\\/tagesfamilien-risa.ch\\\/?page_id=8#primaryimage\"},\"image\":{\"@id\":\"https:\\\/\\\/tagesfamilien-risa.ch\\\/?page_id=8#primaryimage\"},\"thumbnailUrl\":\"https:\\\/\\\/tagesfamilien-risa.ch\\\/wp-content\\\/uploads\\\/2025\\\/08\\\/Vorstand-2025_Foto1-1-1024x556.png\",\"datePublished\":\"2021-08-09T14:27:51+00:00\",\"dateModified\":\"2025-08-29T06:09:11+00:00\",\"breadcrumb\":{\"@id\":\"https:\\\/\\\/tagesfamilien-risa.ch\\\/?page_id=8#breadcrumb\"},\"inLanguage\":\"de\",\"potentialAction\":[{\"@type\":\"ReadAction\",\"target\":[\"https:\\\/\\\/tagesfamilien-risa.ch\\\/?page_id=8\"]}]},{\"@type\":\"ImageObject\",\"inLanguage\":\"de\",\"@id\":\"https:\\\/\\\/tagesfamilien-risa.ch\\\/?page_id=8#primaryimage\",\"url\":\"https:\\\/\\\/tagesfamilien-risa.ch\\\/wp-content\\\/uploads\\\/2025\\\/08\\\/Vorstand-2025_Foto1-1-scaled.png\",\"contentUrl\":\"https:\\\/\\\/tagesfamilien-risa.ch\\\/wp-content\\\/uploads\\\/2025\\\/08\\\/Vorstand-2025_Foto1-1-scaled.png\",\"width\":2560,\"height\":1390},{\"@type\":\"BreadcrumbList\",\"@id\":\"https:\\\/\\\/tagesfamilien-risa.ch\\\/?page_id=8#breadcrumb\",\"itemListElement\":[{\"@type\":\"ListItem\",\"position\":1,\"name\":\"Startseite\",\"item\":\"https:\\\/\\\/tagesfamilien-risa.ch\\\/\"},{\"@type\":\"ListItem\",\"position\":2,\"name\":\"\u00dcber uns\"}]},{\"@type\":\"WebSite\",\"@id\":\"https:\\\/\\\/tagesfamilien-risa.ch\\\/#website\",\"url\":\"https:\\\/\\\/tagesfamilien-risa.ch\\\/\",\"name\":\"Tagesfamilienverein Richterswil-Samstagern\",\"description\":\"\",\"publisher\":{\"@id\":\"https:\\\/\\\/tagesfamilien-risa.ch\\\/#organization\"},\"potentialAction\":[{\"@type\":\"SearchAction\",\"target\":{\"@type\":\"EntryPoint\",\"urlTemplate\":\"https:\\\/\\\/tagesfamilien-risa.ch\\\/?s={search_term_string}\"},\"query-input\":{\"@type\":\"PropertyValueSpecification\",\"valueRequired\":true,\"valueName\":\"search_term_string\"}}],\"inLanguage\":\"de\"},{\"@type\":\"Organization\",\"@id\":\"https:\\\/\\\/tagesfamilien-risa.ch\\\/#organization\",\"name\":\"Tagesfamilienverein Richterswil-Samstagern\",\"url\":\"https:\\\/\\\/tagesfamilien-risa.ch\\\/\",\"logo\":{\"@type\":\"ImageObject\",\"inLanguage\":\"de\",\"@id\":\"https:\\\/\\\/tagesfamilien-risa.ch\\\/#\\\/schema\\\/logo\\\/image\\\/\",\"url\":\"https:\\\/\\\/tagesfamilien-risa.ch\\\/wp-content\\\/uploads\\\/2021\\\/08\\\/cropped-cropped-Screenshot-2021-06-16-at-22.58.11.png\",\"contentUrl\":\"https:\\\/\\\/tagesfamilien-risa.ch\\\/wp-content\\\/uploads\\\/2021\\\/08\\\/cropped-cropped-Screenshot-2021-06-16-at-22.58.11.png\",\"width\":1048,\"height\":87,\"caption\":\"Tagesfamilienverein Richterswil-Samstagern\"},\"image\":{\"@id\":\"https:\\\/\\\/tagesfamilien-risa.ch\\\/#\\\/schema\\\/logo\\\/image\\\/\"}}]}<\/script>\n<!-- \/ Yoast SEO plugin. -->","yoast_head_json":{"title":"\u00dcber uns - Tagesfamilienverein Richterswil-Samstagern","robots":{"index":"index","follow":"follow","max-snippet":"max-snippet:-1","max-image-preview":"max-image-preview:large","max-video-preview":"max-video-preview:-1"},"canonical":"https:\/\/tagesfamilien-risa.ch\/?page_id=8","og_locale":"de_DE","og_type":"article","og_title":"\u00dcber uns - Tagesfamilienverein Richterswil-Samstagern","og_description":"Der 2010 gegr\u00fcndete Tagesfamilienverein Richterswil-Samstagern hat mit der politischen Gemeinde Richterswil eine Leistungsvereinbarung abgeschlossen, dank welcher wir einkommensabh\u00e4ngige Betreuungstarife anbieten k\u00f6nnen. Die strategische Leitung des Vereins obliegt dem aus mindestens drei Personen bestehenden Vorstand.&nbsp;Die operativen Gesch\u00e4fte werden durch die Vermittlung und das Sekretariat wahrgenommen.&nbsp; Unsere Betreuungspersonen in Tagesfamilien sind vom Verein angestellt; die gesetzlichen Sozialleistungen &hellip; \u00dcber uns weiterlesen","og_url":"https:\/\/tagesfamilien-risa.ch\/?page_id=8","og_site_name":"Tagesfamilienverein Richterswil-Samstagern","article_modified_time":"2025-08-29T06:09:11+00:00","og_image":[{"width":1024,"height":556,"url":"https:\/\/tagesfamilien-risa.ch\/wp-content\/uploads\/2025\/08\/Vorstand-2025_Foto1-1-1024x556.png","type":"image\/png"}],"twitter_card":"summary_large_image","twitter_misc":{"Gesch\u00e4tzte Lesezeit":"2\u00a0Minuten"},"schema":{"@context":"https:\/\/schema.org","@graph":[{"@type":"WebPage","@id":"https:\/\/tagesfamilien-risa.ch\/?page_id=8","url":"https:\/\/tagesfamilien-risa.ch\/?page_id=8","name":"\u00dcber uns - Tagesfamilienverein Richterswil-Samstagern","isPartOf":{"@id":"https:\/\/tagesfamilien-risa.ch\/#website"},"primaryImageOfPage":{"@id":"https:\/\/tagesfamilien-risa.ch\/?page_id=8#primaryimage"},"image":{"@id":"https:\/\/tagesfamilien-risa.ch\/?page_id=8#primaryimage"},"thumbnailUrl":"https:\/\/tagesfamilien-risa.ch\/wp-content\/uploads\/2025\/08\/Vorstand-2025_Foto1-1-1024x556.png","datePublished":"2021-08-09T14:27:51+00:00","dateModified":"2025-08-29T06:09:11+00:00","breadcrumb":{"@id":"https:\/\/tagesfamilien-risa.ch\/?page_id=8#breadcrumb"},"inLanguage":"de","potentialAction":[{"@type":"ReadAction","target":["https:\/\/tagesfamilien-risa.ch\/?page_id=8"]}]},{"@type":"ImageObject","inLanguage":"de","@id":"https:\/\/tagesfamilien-risa.ch\/?page_id=8#primaryimage","url":"https:\/\/tagesfamilien-risa.ch\/wp-content\/uploads\/2025\/08\/Vorstand-2025_Foto1-1-scaled.png","contentUrl":"https:\/\/tagesfamilien-risa.ch\/wp-content\/uploads\/2025\/08\/Vorstand-2025_Foto1-1-scaled.png","width":2560,"height":1390},{"@type":"BreadcrumbList","@id":"https:\/\/tagesfamilien-risa.ch\/?page_id=8#breadcrumb","itemListElement":[{"@type":"ListItem","position":1,"name":"Startseite","item":"https:\/\/tagesfamilien-risa.ch\/"},{"@type":"ListItem","position":2,"name":"\u00dcber uns"}]},{"@type":"WebSite","@id":"https:\/\/tagesfamilien-risa.ch\/#website","url":"https:\/\/tagesfamilien-risa.ch\/","name":"Tagesfamilienverein Richterswil-Samstagern","description":"","publisher":{"@id":"https:\/\/tagesfamilien-risa.ch\/#organization"},"potentialAction":[{"@type":"SearchAction","target":{"@type":"EntryPoint","urlTemplate":"https:\/\/tagesfamilien-risa.ch\/?s={search_term_string}"},"query-input":{"@type":"PropertyValueSpecification","valueRequired":true,"valueName":"search_term_string"}}],"inLanguage":"de"},{"@type":"Organization","@id":"https:\/\/tagesfamilien-risa.ch\/#organization","name":"Tagesfamilienverein Richterswil-Samstagern","url":"https:\/\/tagesfamilien-risa.ch\/","logo":{"@type":"ImageObject","inLanguage":"de","@id":"https:\/\/tagesfamilien-risa.ch\/#\/schema\/logo\/image\/","url":"https:\/\/tagesfamilien-risa.ch\/wp-content\/uploads\/2021\/08\/cropped-cropped-Screenshot-2021-06-16-at-22.58.11.png","contentUrl":"https:\/\/tagesfamilien-risa.ch\/wp-content\/uploads\/2021\/08\/cropped-cropped-Screenshot-2021-06-16-at-22.58.11.png","width":1048,"height":87,"caption":"Tagesfamilienverein Richterswil-Samstagern"},"image":{"@id":"https:\/\/tagesfamilien-risa.ch\/#\/schema\/logo\/image\/"}}]}},"_links":{"self":[{"href":"https:\/\/tagesfamilien-risa.ch\/index.php?rest_route=\/wp\/v2\/pages\/8","targetHints":{"allow":["GET"]}}],"collection":[{"href":"https:\/\/tagesfamilien-risa.ch\/index.php?rest_route=\/wp\/v2\/pages"}],"about":[{"href":"https:\/\/tagesfamilien-risa.ch\/index.php?rest_route=\/wp\/v2\/types\/page"}],"author":[{"embeddable":true,"href":"https:\/\/tagesfamilien-risa.ch\/index.php?rest_route=\/wp\/v2\/users\/4"}],"replies":[{"embeddable":true,"href":"https:\/\/tagesfamilien-risa.ch\/index.php?rest_route=%2Fwp%2Fv2%2Fcomments&post=8"}],"version-history":[{"count":44,"href":"https:\/\/tagesfamilien-risa.ch\/index.php?rest_route=\/wp\/v2\/pages\/8\/revisions"}],"predecessor-version":[{"id":608,"href":"https:\/\/tagesfamilien-risa.ch\/index.php?rest_route=\/wp\/v2\/pages\/8\/revisions\/608"}],"wp:attachment":[{"href":"https:\/\/tagesfamilien-risa.ch\/index.php?rest_route=%2Fwp%2Fv2%2Fmedia&parent=8"}],"curies":[{"name":"wp","href":"https:\/\/api.w.org\/{rel}","templated":true}]}}