{"id":3,"date":"2021-08-09T13:42:20","date_gmt":"2021-08-09T13:42:20","guid":{"rendered":"https:\/\/tagesfamilien-risa.ch\/?page_id=3"},"modified":"2023-09-16T10:00:16","modified_gmt":"2023-09-16T08:00:16","slug":"privacy-policy","status":"publish","type":"page","link":"https:\/\/tagesfamilien-risa.ch\/?page_id=3","title":{"rendered":"Datenschutzerkl\u00e4rung"},"content":{"rendered":"\n<h3 class=\"wp-block-heading\"><a><strong>I.&nbsp;&nbsp;&nbsp;&nbsp;&nbsp;<\/strong>Worum geht es in dieser Datenschutzerkl\u00e4rung?<\/a><\/h3>\n\n\n\n<p>Der Tagesfamilienverein Richterswil-Samstagern, Seestrasse 19, 8805 Richterswil (nachstehend auch \u00ab<strong>wir<\/strong>\u00bb, \u00ab<strong>uns<\/strong>\u00bb) beschafft und bearbeitet Personendaten, die Sie (z.B. Eltern, Vertragspartner), die betreuten Kinder (\u00ab<strong>betreute Personen<\/strong>\u00bb), Bewerber im Rahmen eines Bewerbungsverfahrens oder auch andere Personen (\u00ab<strong>Dritte<\/strong>\u00bb) betreffen. Diese Datenschutzerkl\u00e4rung schliesst die betreuten Personen jeweils mit ein, sofern nicht explizit abweichend kommuniziert wird.<\/p>\n\n\n\n<p>In dieser Datenschutzerkl\u00e4rung beschreiben wir, was wir mit Ihren Daten tun, wenn Sie&nbsp;<a href=\"http:\/\/www.tagesfamilien-risa.ch\/\">www.tagesfamilien-risa.ch<\/a>&nbsp;verwenden, unsere Dienstleistungen nutzen, durch uns betreut werden, mit uns kommunizieren oder sonst mit uns zu tun haben.&nbsp;Wir k\u00f6nnen Sie zus\u00e4tzlich \u00fcber die Bearbeitung Ihrer Daten separat informieren&nbsp;(z.B. in Formularen, Vertragsbedingungen oder zus\u00e4tzlichen Datenschutzerkl\u00e4rungen).<\/p>\n\n\n\n<p>Wir verwenden den Begriff \u00ab<strong>Daten<\/strong>\u00bb hier gleichbedeutend mit \u00ab<strong>Personendaten<\/strong>\u00bb. Mit \u00ab<strong>Personendaten<\/strong>\u00bb sind Daten gemeint, die sich auf bestimmte oder bestimmbare Personen beziehen und \u00ab<strong>Bearbeiten<\/strong>\u00bb bedeutet jeden Umgang mit Personendaten, z.B. das Beschaffen, Speichern, Verwenden, Ver\u00e4ndern, Bekanntgeben und L\u00f6schen.<\/p>\n\n\n\n<p>Wenn Sie uns Daten \u00fcber andere Personen (z.B. Familienmitglieder) bekanntgeben, gehen wir davon aus, dass Sie dazu befugt und diese Daten korrekt sind und Sie sichergestellt haben, dass diese Personen \u00fcber diese Bekanntgabe informiert sind (z.B. indem ihnen die vorliegende Datenschutzerkl\u00e4rung vorg\u00e4ngig zur Kenntnis gebracht wurde).<\/p>\n\n\n\n<h3 class=\"wp-block-heading\"><a><strong>II.&nbsp;&nbsp;<\/strong>Wer ist f\u00fcr die Bearbeitung Ihrer Daten verantwortlich?<\/a><\/h3>\n\n\n\n<p>F\u00fcr die in dieser Datenschutzerkl\u00e4rung beschriebenen Datenbearbeitungen ist verantwortlich:<\/p>\n\n\n\n<p><strong>Tagesfamilienverein Richterswil-Samstagern<br>Seestrasse 19<br>8805 Richterswil<br>Email:&nbsp;<\/strong><a href=\"mailto:info@tagesfamilien-risa.ch\"><strong>info@tagesfamilien-risa.ch<\/strong><\/a><strong><br><\/strong><strong>Telefon: 044 787 11 34<\/strong><\/p>\n\n\n\n<h3 class=\"wp-block-heading\"><a><\/a><a><strong>III.&nbsp;&nbsp;&nbsp;&nbsp;&nbsp;&nbsp;&nbsp;&nbsp;<\/strong>Welche Daten bearbeiten wir?<\/a><\/h3>\n\n\n\n<p>Wir bearbeiten verschiedene Kategorien von Personendaten von Ihnen (betreute Personen eingeschlossen). Die wichtigsten Kategorien sind die folgenden:<\/p>\n\n\n\n<ul class=\"wp-block-list\">\n<li><strong>Stammdaten:<\/strong>&nbsp;Das sind die Grunddaten wie z.B. Name, Kontaktdaten, Daten zur Person, Fotos, Betreuungs- und Kundenhistorie, Einwilligungserkl\u00e4rungen sowie Informationen \u00fcber Dritte (z.B. Kontaktpersonen, Angaben zur Familie).<\/li>\n\n\n\n<li><strong>Vertragsdaten:<\/strong>&nbsp;Das sind Daten, die im Rahmen der Erbringung unserer Leistungen sowie bei Vertragsabschl\u00fcssen anfallen, wie z.B. vertragliche Leistungen, Daten betreffend die Leistungserbringung, Daten aus dem Vorfeld des Vertragsschlusses, Angaben zur Abwicklung (z.B. Rechnungsstellung) und Finanzdaten (z.B. Angaben \u00fcber die wirtschaftlichen Verh\u00e4ltnisse zur Tarifeinstufung).<\/li>\n\n\n\n<li><strong>Betreuungsdaten:<\/strong>&nbsp;Das sind die Daten, welche das Betreuungsverh\u00e4ltnis betreffen und im Rahmen der Betreuung anfallen, wie z.B. Gesundheitsdaten (z.B. Allergien) oder Pr\u00e4ferenzen (z.B. Essensw\u00fcnsche). Das sind in der Regel Daten \u00fcber die betreute Person, k\u00f6nnen aber auch Daten der Eltern oder sonstiger Dritten betreffen (z.B. weitere Bezugspersonen).<\/li>\n<\/ul>\n\n\n\n<ul class=\"wp-block-list\">\n<li><strong>Bewerberdaten<\/strong>: Das sind Daten, welche im Rahmen einer Bewerbung f\u00fcr eine Arbeitsstelle bei uns anfallen, wie z.B. beruflicher Werdegang, Aus- und Weiterbildungen, Referenzen und Daten aus \u00f6ffentlichen Quellen (z.B. Social Media und Internet). Darunter fallen auch Informationen \u00fcber strafrechtliche Verurteilungen sowie Berufs- \/ T\u00e4tigkeitsverbote (insbesondere Strafregisterausz\u00fcge).<\/li>\n\n\n\n<li><strong>Kommunikationsdaten:<\/strong>&nbsp;Das sind Daten, die im Zusammenhang von Kommunikation zwischen uns und mit Dritten anfallen (z.B. per E-Mail, Telefon, brieflich oder \u00fcber sonstige Kommunikationsmittel), wie z.B. Inhalt von E-Mails oder Briefen, Ihre Kontaktdaten sowie Randdaten der Kommunikation.<\/li>\n\n\n\n<li><strong>Registrierungsdaten:<\/strong>&nbsp;Das sind Daten, die im Rahmen einer Registrierung (z.B. Login-Bereiche, Newsletter) bei uns anfallen, respektive Sie uns angeben (z.B. E-Mail).<\/li>\n\n\n\n<li><strong>Technische Daten:<\/strong>&nbsp;Das sind Daten, welche im Rahmen der Nutzung unserer elektronischen Angebote (z.B. Website) anfallen, wie z.B. IP-Adresse, Angaben \u00fcber das Betriebssystem Ihres Endger\u00e4ts, die Region und der Zeitpunkt der Nutzung. Technische Daten f\u00fcr sich lassen grunds\u00e4tzlich keine R\u00fcckschl\u00fcsse auf Ihre&nbsp;Identit\u00e4t zu. Sie k\u00f6nnen jedoch mit anderen Datenkategorien (z.B. Registrierungsdaten) und so gegebenenfalls mit Ihrer Person verkn\u00fcpft werden.<\/li>\n\n\n\n<li><strong>Verhaltens- und Pr\u00e4ferenzdaten<\/strong>: Das sind Daten \u00fcber Ihr Verhalten und Ihre Pr\u00e4ferenzen, wie z.B. Reaktionen auf elektronische Mitteilungen, Navigation auf der&nbsp;Website, Interaktionen mit unseren Social Media Profilen, Teilnahme an Anl\u00e4ssen, gegebenenfalls erg\u00e4nzt mit Angaben von Dritten (auch aus \u00f6ffentlich zug\u00e4nglichen Quellen).<\/li>\n\n\n\n<li><strong>Sonstige Daten:<\/strong>&nbsp;Darunter fallen insbesondere: Daten, die im Zusammenhang mit beh\u00f6rdlichen oder gerichtlichen Verfahren anfallen (z.B. Akten), Daten, die aufgrund des Gesundheitsschutzes (z.B. Schutzkonzepte) erhoben werden, Fotos, Video- oder Tonaufnahmen, die wir herstellen oder von Dritten erhalten und auf denen Sie erkennbar sind (z.B. an&nbsp;Anl\u00e4ssen, durch Sicherheitskameras etc.), Teilnahmen an Anl\u00e4ssen.<\/li>\n<\/ul>\n\n\n\n<h3 class=\"wp-block-heading\"><a><strong>IV.&nbsp;<\/strong>Woher stammen die Daten?<\/a><\/h3>\n\n\n\n<ul class=\"wp-block-list\">\n<li><strong>Von Ihnen:<\/strong>&nbsp;Viele der von uns bearbeiteten Daten geben Sie uns selbst bekannt (z.B. im Zusammenhang mit unseren Leistungen oder der Kommunikation mit uns).&nbsp;Sie sind zur Bekanntgabe Ihrer Daten mit Ausnahmen in Einzelf\u00e4llen (z.B. gesetzliche Verpflichtungen) nicht verpflichtet.&nbsp;Wenn Sie jedoch beispielsweise mit uns Vertr\u00e4ge schliessen oder unsere Leistungen beanspruchen wollen, m\u00fcssen Sie uns gewisse Daten bekanntgeben.<\/li>\n\n\n\n<li><strong>Von Dritten:<\/strong>&nbsp;Wir k\u00f6nnen auch Daten aus \u00f6ffentlich zug\u00e4nglichen Quellen (z.B. Betreibungsregister, Medien oder dem Internet inkl. Social Media) entnehmen oder diese von Beh\u00f6rden (z.B. Gemeinden, Aufsichtsbeh\u00f6rden), Ihrem Arbeit- oder Auftraggeber, der mit uns in einer gesch\u00e4ftlichen Beziehung steht oder anderweitig zu tun hat und von sonstigen Dritten (z.B. Verb\u00e4nde) erhalten. Dazu geh\u00f6ren insbesondere die nachfolgenden Kategorien: Stammdaten, Vertragsdaten, Betreuungsdaten und sonstige Daten, aber auch alle anderen Datenkategorien gem\u00e4ss Ziff.&nbsp;III&nbsp;sowie Daten aus der Korrespondenz und Besprechungen mit Dritten.<\/li>\n<\/ul>\n\n\n\n<h3 class=\"wp-block-heading\"><a><\/a><a><\/a><a><strong>V.&nbsp;&nbsp;&nbsp;&nbsp;<\/strong>Zu welchen Zwecken bearbeiten wir Ihre Daten?<\/a><\/h3>\n\n\n\n<ul class=\"wp-block-list\">\n<li><strong>Kommunikation:<\/strong>&nbsp;Um mit Ihnen kommunizieren zu k\u00f6nnen (z.B. zur Beantwortung von Anfragen, der Vertragsabwicklung und der Betreuung), bearbeiten wir Daten von Ihnen.<\/li>\n\n\n\n<li><strong>Aufnahme, Verwaltung und Abwicklung von Vertr\u00e4gen:<\/strong>&nbsp;Im Zusammenhang mit Vertragsschl\u00fcssen bzw. Vertragsabwicklungen mit Ihnen als Eltern oder erziehungsberechtigte Person, Lieferanten und Dienstleister oder anderen Vertragspartnern bearbeiten wir Personendaten.&nbsp;Auch die Durchsetzung von Rechtsanspr\u00fcchen aus Vertr\u00e4gen (Inkasso, Gerichtsverfahren etc.), die Buchf\u00fchrung, die Beendigung von Vertr\u00e4gen und die \u00f6ffentliche Kommunikation geh\u00f6ren dazu. Wir bearbeiten auch Daten im Rahmen des Bewerbungsprozesses sowie zur Anbahnung des Arbeitsverh\u00e4ltnisses.<\/li>\n\n\n\n<li><strong>Betreuung und Vermittlung von Betreuungspl\u00e4tzen:<\/strong>&nbsp;Im Rahmen der Betreuung und zur Vermittlung von Betreuungspl\u00e4tzen bearbeiten wir Daten von Ihnen, den betreuten Personen sowie Dritten.<\/li>\n\n\n\n<li><strong>Marketingzwecke und zur Beziehungspflege:&nbsp;<\/strong>Zu Marketingzwecken und zur Beziehungspflege bearbeiten wir Daten bspw. um unseren Kunden, anderen Vertragspartnern und sonstige Interessenten personalisierte Werbung (z.B. als Drucksache, per E-Mail oder via andere elektronische Kan\u00e4le) zu Dienstleistungen und sonstigen Neuigkeiten von uns zu senden. Sie k\u00f6nnen solche Kontakte jederzeit ablehnen bzw. eine Einwilligung in die Kontaktaufnahme f\u00fcr Werbezwecke durch Mitteilung an uns (Ziff. IX) verweigern oder widerrufen.&nbsp;<\/li>\n\n\n\n<li><strong>Verbesserung unserer Dienstleistungen und unseres Betriebs:&nbsp;<\/strong>Um unsere Dienstleistungen (inkl. Website) laufend zu verbessern, analysieren wir bspw., wie Sie durch unsere Website navigieren oder welche Dienstleistungen von welchen Personengruppen in welcher Weise genutzt werden.<\/li>\n\n\n\n<li><strong>Registrierung<\/strong><strong>:<\/strong>&nbsp;Um bestimmte Angebote und Dienstleistungen (z.B. Login-Bereiche, Newsletter) nutzen zu k\u00f6nnen, m\u00fcssen Sie sich (direkt bei uns oder \u00fcber unsere externen Dienstleister) registrieren, hierf\u00fcr bearbeiten wir Daten.<\/li>\n\n\n\n<li><strong>Einhaltung von Gesetzen, Weisungen und Empfehlungen von Beh\u00f6rden.<\/strong>&nbsp;Im Rahmen der Einhaltung von Gesetzen und zur Erf\u00fcllung allf\u00e4lliger gesetzlicher Aufgaben k\u00f6nnen wir Personendaten bearbeiten (z.B. F\u00fchren von Verzeichnissen auf Grund der Pflegekinderverordnung (PAVO), steuerrechtliche Pflichten oder f\u00fcr Gesundheitskonzepte). Ausserdem k\u00f6nnen bei internen Untersuchungen sowie bei externen Untersuchungen (z.B. durch eine Strafverfolgungs- oder Aufsichtsbeh\u00f6rde oder eine beauftragte private Stelle) Datenbearbeitungen erfolgen.<\/li>\n\n\n\n<li><strong>Risikomanagement und Unternehmensf\u00fchrung:&nbsp;<\/strong>Im Rahmen des Risikomanagements (z.B. zum Schutz vor deliktischen Aktivit\u00e4ten) und der Unternehmensf\u00fchrung,&nbsp;einschliesslich unserer Betriebsorganisation (z.B. Ressourcenplanung) und Unternehmensentwicklung&nbsp;(z.B. An- und Verkauf von Betriebsteilen oder Unternehmen), k\u00f6nnen wir Personendaten bearbeiten.<\/li>\n\n\n\n<li><strong>Weitere Zwecke:&nbsp;<\/strong>Zu diesen weiteren Zwecken geh\u00f6ren z.B. Schulungs- und Ausbildungszwecke, administrative Zwecke (z.B. die Verwaltung von Stammdaten oder die Buchhaltung), die Wahrung unserer Rechte und die Evaluation und Verbesserung interner Abl\u00e4ufe. Auch die Wahrung weiterer berechtigter Interessen geh\u00f6rt zu den weiteren Zwecken, die sich nicht abschliessend nennen lassen.<\/li>\n<\/ul>\n\n\n\n<h3 class=\"wp-block-heading\"><a><strong>VI.&nbsp;<\/strong>Wem geben wir Ihre Daten bekannt?<\/a><\/h3>\n\n\n\n<p>Im Zusammenhang mit unseren Vertr\u00e4gen, der Website, unseren Dienstleistungen, unseren rechtlichen Pflichten oder sonst zur Wahrung unserer berechtigten Interessen und den weiteren in Ziff.&nbsp;V&nbsp;aufgef\u00fchrten Zwecken, \u00fcbermitteln wir Ihre Personendaten auch an Dritte, insbesondere an die folgenden Kategorien von Empf\u00e4ngern:&nbsp;<\/p>\n\n\n\n<ul class=\"wp-block-list\">\n<li><strong>Gemeinde Richterswil<\/strong><strong>:<\/strong>&nbsp;Die Gemeinde Richterswil kann Ihre Daten, wie in dieser Datenschutzerkl\u00e4rung beschrieben, f\u00fcr sich zu den gleichen Zwecken nutzen wie wir (vgl. Ziff. V). Die Empf\u00e4nger bearbeiten die Daten grunds\u00e4tzlich in eigener Verantwortlichkeit.<em><\/em><\/li>\n\n\n\n<li><strong>Dienstleister:<\/strong>&nbsp;Wir arbeiten mit Dienstleistern im In- und Ausland zusammen, die (i) in unserem Auftrag, (ii) in gemeinsamer Verantwortung mit uns oder (iii) in eigener Verantwortung Daten bearbeiten (z.B. IT-Provider, Banken, Versicherungen). Dazu geh\u00f6ren auch Gesundheitsdaten.<\/li>\n\n\n\n<li>Gemeint sind unsere Kunden (Eltern und erziehungsberichtigte Personen), die betreuten Personen und andere Vertragspartner von uns, wo sich eine \u00dcbermittlung Ihrer Daten aus dem Vertrag ergibt (z.B. weil wir einen Betreuungsvertrag geschlossen haben). Dazu k\u00f6nnen auch Gesundheitsdaten geh\u00f6ren. Die Empf\u00e4nger bearbeiten die Daten grunds\u00e4tzlich in eigener Verantwortlichkeit.<\/li>\n<\/ul>\n\n\n\n<ul class=\"wp-block-list\">\n<li><strong>Beh\u00f6rden<\/strong><strong>:<\/strong>&nbsp;Wir k\u00f6nnen Personendaten an \u00c4mter, Gerichte und andere Beh\u00f6rden (z.B. KESB, Gemeinden, Aufsichtsbeh\u00f6rden) im In- und Ausland weitergeben, wenn wir dazu rechtlich verpflichtet oder berechtigt sind oder dies zur Wahrung unserer Interessen als erforderlich erscheint. Dazu k\u00f6nnen auch Gesundheitsdaten geh\u00f6ren. Wenn Sie sich bei uns f\u00fcr eine Arbeitsstelle bewerben, sind wir verpflichtet, insbesondere Ihre Personalien der zust\u00e4ndigen Aufsichtsbeh\u00f6rde bekanntzugeben, damit diese Ihren Leumund (insbesondere Strafregisterauszug) \u00fcberpr\u00fcfen kann. Die Empf\u00e4nger bearbeiten die Daten in eigener Verantwortlichkeit.<\/li>\n\n\n\n<li><strong>Weitere Personen<\/strong><strong>:<\/strong>&nbsp;Gemeint sind andere F\u00e4lle, wo sich der Einbezug von Dritten aus den Zwecken gem\u00e4ss Ziff.&nbsp;V&nbsp;ergibt. Andere Empf\u00e4nger sind z.B. Dritte, im Rahmen von Vertretungsverh\u00e4ltnissen (z.B. Ihr Anwalt oder weitere von Ihnen bestimmte Bezugspersonen) oder an Beh\u00f6rden- oder Gerichtsverfahren beteiligte Personen. Im Rahmen der Unternehmensentwicklung k\u00f6nnen wir Gesch\u00e4fte, Betriebsteile, Verm\u00f6genswerte oder Unternehmen verkaufen oder erwerben oder Partnerschaften eingehen, was auch die Bekanntgabe von Daten (auch von Ihnen, z.B. als Eltern, betreute Person, Lieferant oder als deren Vertreter) an die an diesen Transaktionen beteiligten Personen zur Folge haben kann. Im Rahmen der Kommunikation mit unseren Mitbewerbern, Branchenorganisationen, Verb\u00e4nden und weiteren Gremien kann es ebenfalls zum Austausch von Daten kommen, die mitunter Sie betreffen.<\/li>\n<\/ul>\n\n\n\n<p>Alle diese Kategorien von Empf\u00e4ngern k\u00f6nnen ihrerseits Dritte beiziehen, so dass Ihre Daten auch diesen zug\u00e4nglich werden k\u00f6nnen. Die Bearbeitung durch bestimmte Dritte k\u00f6nnen wir beschr\u00e4nken (z.B. IT-Provider), jene anderer Dritter aber nicht (z.B. Beh\u00f6rden, Banken etc.).<\/p>\n\n\n\n<h3 class=\"wp-block-heading\"><a><\/a><a><\/a><a><\/a><a><strong>VII.&nbsp;&nbsp;&nbsp;&nbsp;&nbsp;&nbsp;&nbsp;<\/strong>Gelangen Ihre Personendaten auch ins Ausland?<\/a><\/h3>\n\n\n\n<p>Wir bearbeiten und speichern Personendaten haupts\u00e4chlich in der Schweiz und im Europ\u00e4ischen Wirtschaftsraum (EWR), im Ausnahmefall \u2013 beispielsweise \u00fcber Unterauftragsbearbeiter unserer Dienstleister \u2013 aber potentiell in jedem Land der Welt.<\/p>\n\n\n\n<p>Befindet sich ein Empf\u00e4nger in einem Land ohne angemessenen gesetzlichen Datenschutz, verpflichten wir den Empf\u00e4nger vertraglich zur Einhaltung des anwendbaren Datenschutzes (dazu verwenden wir die revidierten Standardvertragsklauseln der Europ\u00e4ischen Kommission,\u00a0die hier: <a href=\"https:\/\/eur-lex.europa.eu\/eli\/dec_impl\/2021\/914\/oj?\">https:\/\/eur-lex.europa.eu\/eli\/dec_impl\/2021\/914\/oj?<\/a>\u00a0abrufbar sind), soweit er nicht bereits einem gesetzlich anerkannten Regelwerk zur Sicherstellung des Datenschutzes unterliegt und wir uns nicht auf eine Ausnahmebestimmung st\u00fctzen k\u00f6nnen. Eine Ausnahme kann namentlich bei Rechtsverfahren im Ausland gelten, aber auch in F\u00e4llen \u00fcberwiegender \u00f6ffentlicher Interessen oder wenn eine Vertragsabwicklung eine solche Bekanntgabe erfordert, wenn Sie eingewilligt haben oder wenn es sich um von Ihnen allgemein zug\u00e4nglich gemachte Daten handelt, deren Bearbeitung Sie nicht widersprochen haben.<\/p>\n\n\n\n<h3 class=\"wp-block-heading\"><a><\/a><a><\/a><a><strong>VIII.&nbsp;&nbsp;&nbsp;&nbsp;<\/strong>Wie lange bearbeiten wir Ihre Daten?<\/a><\/h3>\n\n\n\n<p>Wir bearbeiten Ihre Daten so lange, wie es unsere Bearbeitungszwecke, die gesetzlichen Aufbewahrungsfristen und unsere berechtigten Interessen der Bearbeitung zu Dokumentations- und Beweiszwecken verlangen oder eine Speicherung technisch bedingt ist (z.B. im Falle von Backups oder Dokumentenmanagementsystemen)<a>.&nbsp;<\/a>Stehen keine rechtlichen, vertraglichen Pflichten oder technischen Gr\u00fcnde entgegen, l\u00f6schen oder anonymisieren wir Ihre Daten nach Ablauf der Speicher- oder Bearbeitungsdauer im Rahmen unserer \u00fcblichen Abl\u00e4ufe.<\/p>\n\n\n\n<h3 class=\"wp-block-heading\"><a><strong>IX.&nbsp;<\/strong>Welche Rechte haben Sie?<\/a><\/h3>\n\n\n\n<p>Sie haben im Zusammenhang mit unserer Datenbearbeitung gewisse Rechte. Sie k\u00f6nnen nach anwendbarem Recht insbesondere Auskunft \u00fcber die Bearbeitung Ihrer Personendaten verlangen, unrichtige Personendaten korrigieren lassen, die L\u00f6schung von Personendaten verlangen, Widerspruch gegen eine Datenbearbeitung erheben, die Herausgabe bestimmter Personendaten in einem g\u00e4ngigen elektronischen Format oder ihre \u00dcbertragung an andere Verantwortliche verlangen oder eine Einwilligung widerrufen, soweit unsere Bearbeitung auf Ihrer Einwilligung beruht.<\/p>\n\n\n\n<p>Wenn Sie uns gegen\u00fcber Ihre Rechte aus\u00fcben wollen, wenden Sie sich an uns; unsere Kontaktangaben finden Sie in Ziff. II). Damit wir einen Missbrauch ausschliessen k\u00f6nnen, m\u00fcssen wir Sie identifizieren (z.B. mit einer Ausweiskopie, falls n\u00f6tig).&nbsp;<\/p>\n\n\n\n<p>Bitte beachten Sie, dass f\u00fcr diese Rechte Voraussetzungen, Ausnahmen oder Einschr\u00e4nkungen gelten (z.B. zum Schutz von Dritten oder von Gesch\u00e4ftsgeheimnissen). Wir behalten uns vor, Kopien aus datenschutzrechtlichen Gr\u00fcnden oder Gr\u00fcnden der Geheimhaltung zu schw\u00e4rzen oder nur auszugsweise zu liefern.<\/p>\n\n\n\n<h3 class=\"wp-block-heading\"><a><\/a><a><strong>X.&nbsp;&nbsp;&nbsp;&nbsp;<\/strong>Wie bearbeiten wir Daten im Zusammenhang mit unserer Website und \u00fcbrigen digitalen Diensten?<\/a><\/h3>\n\n\n\n<p>Bei der Nutzung unserer Website (inkl. Newsletter und weitere digitale Angebote) fallen Daten an, die in Protokollen gespeichert werden (insbesondere technische Daten). Zudem k\u00f6nnen wir Cookies und \u00e4hnliche Techniken (z.B. Pixel-Tags oder Fingerprints) einsetzen, um Website-Besucher wiederzuerkennen, ihr Verhalten aufzuzeichnen und Pr\u00e4ferenzen zu erkennen.&nbsp;Ein Cookie ist eine kleine Datei, die zwischen dem Server und Ihrem System \u00fcbermittelt wird und erm\u00f6glicht die Wiedererkennung eines bestimmten Ger\u00e4ts oder Browsers.&nbsp;<\/p>\n\n\n\n<p>Sie k\u00f6nnen Ihren Browser so einstellen, dass dieser Cookies automatisch ablehnt, akzeptiert oder l\u00f6scht. Sie k\u00f6nnen auch Cookies im Einzelfall deaktivieren oder l\u00f6schen. Wie Sie die Cookies in Ihrem Browser verwalten k\u00f6nnen, erfahren Sie im Hilfemen\u00fc Ihres Browsers.<\/p>\n\n\n\n<p>Sowohl die von uns erhobenen technischen Daten als auch Cookies enthalten in der Regel keine Personendaten. Allerdings k\u00f6nnen Personendaten, die wir oder von uns beauftragte Drittanbieter von Ihnen speichern (z.B., wenn Sie ein Benutzerkonto bei uns oder diesen Anbietern haben), mit den technischen Daten bzw. mit den in Cookies gespeicherten und aus ihnen gewonnenen Informationen verkn\u00fcpft werden und damit m\u00f6glicherweise mit Ihrer Person.<\/p>\n\n\n\n<p>Wir nutzen auch Social Media-Plug-Ins, das sind kleine Softwarebausteine, die eine Verbindung zwischen Ihrem Besuch auf unserer Website und einem Drittanbieter herstellen. Das Social Media-Plug-in teilt dem Drittanbieter mit, dass Sie unsere Website besucht haben, und kann dem Drittanbieter Cookies \u00fcbermitteln, die dieser zuvor auf Ihrem Webbrowser platziert hat. Weitere Informationen dar\u00fcber, wie diese Drittanbieter Ihre \u00fcber ihre Social Media-Plug-ins gesammelten Personendaten verwenden, finden Sie in ihren jeweiligen Datenschutzhinweisen.<\/p>\n\n\n\n<p>Daneben&nbsp;nutzen wir eigene Tools sowie Dienste von Drittanbietern (welche ihrerseits Cookies einsetzen k\u00f6nnen) auf unserer Website, insbesondere um die Funktionalit\u00e4t oder den Inhalt unserer Website zu verbessern (z.B. Integration von Videos oder Karten), Statistiken zu erstellen sowie Werbung zu schalten.<\/p>\n\n\n\n<p>Einige der von uns eingesetzten Drittanbieter befinden sich m\u00f6glicherweise ausserhalb der Schweiz. Informationen zur Datenbekanntgabe ins Ausland finden Sie unter Ziff.&nbsp;VII.<\/p>\n\n\n\n<h3 class=\"wp-block-heading\"><a><\/a><a><\/a><a><\/a><a><\/a><a><\/a><a><\/a><a><\/a><a><\/a><a><strong>XI.&nbsp;<\/strong>Wie bearbeiten wir Daten auf unseren Seiten in sozialen Netzwerken?<\/a><\/h3>\n\n\n\n<p>Wir k\u00f6nnen auf sozialen Netzwerken und anderen von Dritten betriebenen Plattformen Seiten und sonstige Online-Pr\u00e4senzen betreiben und in diesem Zusammenhang Daten \u00fcber Sie bearbeiten. Dabei erhalten wir Daten von Ihnen (z.B. wenn Sie mit uns kommunizieren oder unsere Inhalte kommentieren) und von den Plattformen (z.B. Statistiken).&nbsp;Die Anbieter der Plattformen k\u00f6nnen Ihre Nutzung analysieren und diese Daten zusammen mit anderen Daten, die ihnen \u00fcber Sie vorliegen, bearbeiten.&nbsp;Sie bearbeiten diese Daten auch f\u00fcr ihre eigenen Zwecke (z.B. Marketing- und Marktforschungszwecke oder zur Verwaltung ihrer Plattformen), und handeln zu diesem Zweck als eigene Verantwortliche. Weitere Informationen zur Bearbeitung durch die Plattformbetreiber entnehmen Sie bitte den Datenschutzhinweisen der jeweiligen Plattformen.&nbsp;<\/p>\n\n\n\n<p>Wir nutzen derzeit die folgenden Plattformen:<\/p>\n\n\n\n<ul class=\"wp-block-list\">\n<li>Anbieter: Meta Platforms Ireland Limited<br>Datenschutzhinweise: <a href=\"http:\/\/www.facebook.com\/privacy\/policy\">www.facebook.com\/privacy\/policy<\/a><\/li>\n\n\n\n<li>&nbsp;Anbieter: Meta Platforms Ireland Limited<br>Datenschutzhinweise:&nbsp;<a href=\"https:\/\/privacycenter.instagram.com\/policy\">https:\/\/privacycenter.instagram.com\/policy<\/a><\/li>\n<\/ul>\n\n\n\n<p>Wir sind berechtigt, aber nicht verpflichtet, Inhalte vor oder nach ihrer Ver\u00f6ffentlichung auf unseren Online-Pr\u00e4senzen zu \u00fcberpr\u00fcfen, Inhalte ohne Ank\u00fcndigung zu l\u00f6schen und sie gegebenenfalls dem Anbieter der betreffenden Plattform zu melden.<\/p>\n\n\n\n<h3 class=\"wp-block-heading\"><a><strong>XII.&nbsp;&nbsp;&nbsp;&nbsp;&nbsp;&nbsp;&nbsp;<\/strong>Kann diese Datenschutzerkl\u00e4rung ge\u00e4ndert werden?<\/a><\/h3>\n\n\n\n<p>Diese Datenschutzerkl\u00e4rung ist nicht Bestandteil eines Vertrags mit Ihnen. Wir k\u00f6nnen diese Datenschutzerkl\u00e4rung jederzeit anpassen.Die auf dieser Website ver\u00f6ffentlichte Version ist die jeweils aktuelle Fassung.<\/p>\n\n\n\n<p>Richterswil, 1. September 2023<\/p>\n","protected":false},"excerpt":{"rendered":"<p>I.&nbsp;&nbsp;&nbsp;&nbsp;&nbsp;Worum geht es in dieser Datenschutzerkl\u00e4rung? Der Tagesfamilienverein Richterswil-Samstagern, Seestrasse 19, 8805 Richterswil (nachstehend auch \u00abwir\u00bb, \u00abuns\u00bb) beschafft und bearbeitet Personendaten, die Sie (z.B. Eltern, Vertragspartner), die betreuten Kinder (\u00abbetreute Personen\u00bb), Bewerber im Rahmen eines Bewerbungsverfahrens oder auch andere Personen (\u00abDritte\u00bb) betreffen. Diese Datenschutzerkl\u00e4rung schliesst die betreuten Personen jeweils mit ein, sofern nicht explizit abweichend &hellip; <a href=\"https:\/\/tagesfamilien-risa.ch\/?page_id=3\" class=\"more-link\"><span class=\"screen-reader-text\">Datenschutzerkl\u00e4rung<\/span> weiterlesen<\/a><\/p>\n","protected":false},"author":4,"featured_media":0,"parent":0,"menu_order":0,"comment_status":"closed","ping_status":"closed","template":"","meta":{"footnotes":""},"class_list":["post-3","page","type-page","status-publish","hentry"],"yoast_head":"<!-- This site is optimized with the Yoast SEO plugin v27.4 - https:\/\/yoast.com\/product\/yoast-seo-wordpress\/ -->\n<title>Datenschutzerkl\u00e4rung - Tagesfamilienverein Richterswil-Samstagern<\/title>\n<meta name=\"robots\" content=\"index, follow, max-snippet:-1, max-image-preview:large, max-video-preview:-1\" \/>\n<link rel=\"canonical\" href=\"https:\/\/tagesfamilien-risa.ch\/?page_id=3\" \/>\n<meta property=\"og:locale\" content=\"de_DE\" \/>\n<meta property=\"og:type\" content=\"article\" \/>\n<meta property=\"og:title\" content=\"Datenschutzerkl\u00e4rung - Tagesfamilienverein Richterswil-Samstagern\" \/>\n<meta property=\"og:description\" content=\"I.&nbsp;&nbsp;&nbsp;&nbsp;&nbsp;Worum geht es in dieser Datenschutzerkl\u00e4rung? Der Tagesfamilienverein Richterswil-Samstagern, Seestrasse 19, 8805 Richterswil (nachstehend auch \u00abwir\u00bb, \u00abuns\u00bb) beschafft und bearbeitet Personendaten, die Sie (z.B. Eltern, Vertragspartner), die betreuten Kinder (\u00abbetreute Personen\u00bb), Bewerber im Rahmen eines Bewerbungsverfahrens oder auch andere Personen (\u00abDritte\u00bb) betreffen. Diese Datenschutzerkl\u00e4rung schliesst die betreuten Personen jeweils mit ein, sofern nicht explizit abweichend &hellip; Datenschutzerkl\u00e4rung weiterlesen\" \/>\n<meta property=\"og:url\" content=\"https:\/\/tagesfamilien-risa.ch\/?page_id=3\" \/>\n<meta property=\"og:site_name\" content=\"Tagesfamilienverein Richterswil-Samstagern\" \/>\n<meta property=\"article:modified_time\" content=\"2023-09-16T08:00:16+00:00\" \/>\n<meta name=\"twitter:card\" content=\"summary_large_image\" \/>\n<meta name=\"twitter:label1\" content=\"Gesch\u00e4tzte Lesezeit\" \/>\n\t<meta name=\"twitter:data1\" content=\"1\u00a0Minute\" \/>\n<script type=\"application\/ld+json\" class=\"yoast-schema-graph\">{\"@context\":\"https:\\\/\\\/schema.org\",\"@graph\":[{\"@type\":\"WebPage\",\"@id\":\"https:\\\/\\\/tagesfamilien-risa.ch\\\/?page_id=3\",\"url\":\"https:\\\/\\\/tagesfamilien-risa.ch\\\/?page_id=3\",\"name\":\"Datenschutzerkl\u00e4rung - Tagesfamilienverein Richterswil-Samstagern\",\"isPartOf\":{\"@id\":\"https:\\\/\\\/tagesfamilien-risa.ch\\\/#website\"},\"datePublished\":\"2021-08-09T13:42:20+00:00\",\"dateModified\":\"2023-09-16T08:00:16+00:00\",\"breadcrumb\":{\"@id\":\"https:\\\/\\\/tagesfamilien-risa.ch\\\/?page_id=3#breadcrumb\"},\"inLanguage\":\"de\",\"potentialAction\":[{\"@type\":\"ReadAction\",\"target\":[\"https:\\\/\\\/tagesfamilien-risa.ch\\\/?page_id=3\"]}]},{\"@type\":\"BreadcrumbList\",\"@id\":\"https:\\\/\\\/tagesfamilien-risa.ch\\\/?page_id=3#breadcrumb\",\"itemListElement\":[{\"@type\":\"ListItem\",\"position\":1,\"name\":\"Startseite\",\"item\":\"https:\\\/\\\/tagesfamilien-risa.ch\\\/\"},{\"@type\":\"ListItem\",\"position\":2,\"name\":\"Datenschutzerkl\u00e4rung\"}]},{\"@type\":\"WebSite\",\"@id\":\"https:\\\/\\\/tagesfamilien-risa.ch\\\/#website\",\"url\":\"https:\\\/\\\/tagesfamilien-risa.ch\\\/\",\"name\":\"Tagesfamilienverein Richterswil-Samstagern\",\"description\":\"\",\"publisher\":{\"@id\":\"https:\\\/\\\/tagesfamilien-risa.ch\\\/#organization\"},\"potentialAction\":[{\"@type\":\"SearchAction\",\"target\":{\"@type\":\"EntryPoint\",\"urlTemplate\":\"https:\\\/\\\/tagesfamilien-risa.ch\\\/?s={search_term_string}\"},\"query-input\":{\"@type\":\"PropertyValueSpecification\",\"valueRequired\":true,\"valueName\":\"search_term_string\"}}],\"inLanguage\":\"de\"},{\"@type\":\"Organization\",\"@id\":\"https:\\\/\\\/tagesfamilien-risa.ch\\\/#organization\",\"name\":\"Tagesfamilienverein Richterswil-Samstagern\",\"url\":\"https:\\\/\\\/tagesfamilien-risa.ch\\\/\",\"logo\":{\"@type\":\"ImageObject\",\"inLanguage\":\"de\",\"@id\":\"https:\\\/\\\/tagesfamilien-risa.ch\\\/#\\\/schema\\\/logo\\\/image\\\/\",\"url\":\"https:\\\/\\\/tagesfamilien-risa.ch\\\/wp-content\\\/uploads\\\/2021\\\/08\\\/cropped-cropped-Screenshot-2021-06-16-at-22.58.11.png\",\"contentUrl\":\"https:\\\/\\\/tagesfamilien-risa.ch\\\/wp-content\\\/uploads\\\/2021\\\/08\\\/cropped-cropped-Screenshot-2021-06-16-at-22.58.11.png\",\"width\":1048,\"height\":87,\"caption\":\"Tagesfamilienverein Richterswil-Samstagern\"},\"image\":{\"@id\":\"https:\\\/\\\/tagesfamilien-risa.ch\\\/#\\\/schema\\\/logo\\\/image\\\/\"}}]}<\/script>\n<!-- \/ Yoast SEO plugin. -->","yoast_head_json":{"title":"Datenschutzerkl\u00e4rung - Tagesfamilienverein Richterswil-Samstagern","robots":{"index":"index","follow":"follow","max-snippet":"max-snippet:-1","max-image-preview":"max-image-preview:large","max-video-preview":"max-video-preview:-1"},"canonical":"https:\/\/tagesfamilien-risa.ch\/?page_id=3","og_locale":"de_DE","og_type":"article","og_title":"Datenschutzerkl\u00e4rung - Tagesfamilienverein Richterswil-Samstagern","og_description":"I.&nbsp;&nbsp;&nbsp;&nbsp;&nbsp;Worum geht es in dieser Datenschutzerkl\u00e4rung? Der Tagesfamilienverein Richterswil-Samstagern, Seestrasse 19, 8805 Richterswil (nachstehend auch \u00abwir\u00bb, \u00abuns\u00bb) beschafft und bearbeitet Personendaten, die Sie (z.B. Eltern, Vertragspartner), die betreuten Kinder (\u00abbetreute Personen\u00bb), Bewerber im Rahmen eines Bewerbungsverfahrens oder auch andere Personen (\u00abDritte\u00bb) betreffen. Diese Datenschutzerkl\u00e4rung schliesst die betreuten Personen jeweils mit ein, sofern nicht explizit abweichend &hellip; Datenschutzerkl\u00e4rung weiterlesen","og_url":"https:\/\/tagesfamilien-risa.ch\/?page_id=3","og_site_name":"Tagesfamilienverein Richterswil-Samstagern","article_modified_time":"2023-09-16T08:00:16+00:00","twitter_card":"summary_large_image","twitter_misc":{"Gesch\u00e4tzte Lesezeit":"1\u00a0Minute"},"schema":{"@context":"https:\/\/schema.org","@graph":[{"@type":"WebPage","@id":"https:\/\/tagesfamilien-risa.ch\/?page_id=3","url":"https:\/\/tagesfamilien-risa.ch\/?page_id=3","name":"Datenschutzerkl\u00e4rung - Tagesfamilienverein Richterswil-Samstagern","isPartOf":{"@id":"https:\/\/tagesfamilien-risa.ch\/#website"},"datePublished":"2021-08-09T13:42:20+00:00","dateModified":"2023-09-16T08:00:16+00:00","breadcrumb":{"@id":"https:\/\/tagesfamilien-risa.ch\/?page_id=3#breadcrumb"},"inLanguage":"de","potentialAction":[{"@type":"ReadAction","target":["https:\/\/tagesfamilien-risa.ch\/?page_id=3"]}]},{"@type":"BreadcrumbList","@id":"https:\/\/tagesfamilien-risa.ch\/?page_id=3#breadcrumb","itemListElement":[{"@type":"ListItem","position":1,"name":"Startseite","item":"https:\/\/tagesfamilien-risa.ch\/"},{"@type":"ListItem","position":2,"name":"Datenschutzerkl\u00e4rung"}]},{"@type":"WebSite","@id":"https:\/\/tagesfamilien-risa.ch\/#website","url":"https:\/\/tagesfamilien-risa.ch\/","name":"Tagesfamilienverein Richterswil-Samstagern","description":"","publisher":{"@id":"https:\/\/tagesfamilien-risa.ch\/#organization"},"potentialAction":[{"@type":"SearchAction","target":{"@type":"EntryPoint","urlTemplate":"https:\/\/tagesfamilien-risa.ch\/?s={search_term_string}"},"query-input":{"@type":"PropertyValueSpecification","valueRequired":true,"valueName":"search_term_string"}}],"inLanguage":"de"},{"@type":"Organization","@id":"https:\/\/tagesfamilien-risa.ch\/#organization","name":"Tagesfamilienverein Richterswil-Samstagern","url":"https:\/\/tagesfamilien-risa.ch\/","logo":{"@type":"ImageObject","inLanguage":"de","@id":"https:\/\/tagesfamilien-risa.ch\/#\/schema\/logo\/image\/","url":"https:\/\/tagesfamilien-risa.ch\/wp-content\/uploads\/2021\/08\/cropped-cropped-Screenshot-2021-06-16-at-22.58.11.png","contentUrl":"https:\/\/tagesfamilien-risa.ch\/wp-content\/uploads\/2021\/08\/cropped-cropped-Screenshot-2021-06-16-at-22.58.11.png","width":1048,"height":87,"caption":"Tagesfamilienverein Richterswil-Samstagern"},"image":{"@id":"https:\/\/tagesfamilien-risa.ch\/#\/schema\/logo\/image\/"}}]}},"_links":{"self":[{"href":"https:\/\/tagesfamilien-risa.ch\/index.php?rest_route=\/wp\/v2\/pages\/3","targetHints":{"allow":["GET"]}}],"collection":[{"href":"https:\/\/tagesfamilien-risa.ch\/index.php?rest_route=\/wp\/v2\/pages"}],"about":[{"href":"https:\/\/tagesfamilien-risa.ch\/index.php?rest_route=\/wp\/v2\/types\/page"}],"author":[{"embeddable":true,"href":"https:\/\/tagesfamilien-risa.ch\/index.php?rest_route=\/wp\/v2\/users\/4"}],"replies":[{"embeddable":true,"href":"https:\/\/tagesfamilien-risa.ch\/index.php?rest_route=%2Fwp%2Fv2%2Fcomments&post=3"}],"version-history":[{"count":4,"href":"https:\/\/tagesfamilien-risa.ch\/index.php?rest_route=\/wp\/v2\/pages\/3\/revisions"}],"predecessor-version":[{"id":303,"href":"https:\/\/tagesfamilien-risa.ch\/index.php?rest_route=\/wp\/v2\/pages\/3\/revisions\/303"}],"wp:attachment":[{"href":"https:\/\/tagesfamilien-risa.ch\/index.php?rest_route=%2Fwp%2Fv2%2Fmedia&parent=3"}],"curies":[{"name":"wp","href":"https:\/\/api.w.org\/{rel}","templated":true}]}}