{"id":12,"date":"2021-08-09T14:28:58","date_gmt":"2021-08-09T14:28:58","guid":{"rendered":"https:\/\/tagesfamilien-risa.ch\/?page_id=12"},"modified":"2025-09-10T11:23:38","modified_gmt":"2025-09-10T09:23:38","slug":"fuer-eltern","status":"publish","type":"page","link":"https:\/\/tagesfamilien-risa.ch\/?page_id=12","title":{"rendered":"F\u00fcr Eltern"},"content":{"rendered":"\n<p>Wir bieten Ihrem Kind eine famili\u00e4re und qualifizierte Betreuung in der Gemeinde Richterswil-Samstagern an.&nbsp;Das Kind wird behutsam in die Familie integriert und profitiert so von vertrauten Strukturen und \u00fcberschaubaren Gruppen. Die Betreuung in einer Tagesfamilie unterscheidet sich von anderen Betreuungsformen insbesondere durch Flexibilit\u00e4t, Familienn\u00e4he und Individualit\u00e4t sowie durch die Konstanz der Bezugspersonen.<\/p>\n\n\n\n<p>Die Betreuungszeiten richten sich nach Ihren Bed\u00fcrfnissen und der Verf\u00fcgbarkeit der Betreuungsperson, wobei die Mindestbetreuungszeit einen halben Tag pro Woche betr\u00e4gt.<\/p>\n\n\n\n<p>Unsere vom Verein angestellten Betreuungspersonen sind entsprechend ausgebildet und f\u00fcr diese anspruchsvolle Aufgabe qualifiziert. Zur Wegleitung und Orientierung bei der familienerg\u00e4nzenden Betreuungsarbeit dient ihnen das vom nationalen Dachverband kibesuisse herausgegebene&nbsp;<a href=\"https:\/\/tagesfamilien-risa.ch\/wp-content\/uploads\/2024\/12\/2017_Paedagogisches-Konzept_deutsch_2017_Ablage.pdf\">p\u00e4dagogische Konzept f\u00fcr die Tagesfamilienbetreuung<\/a>, welches detailliert auf die Bed\u00fcrfnisse der Kinder ausgerichtet wurde.<\/p>\n\n\n\n<p>Wir setzen Qualit\u00e4tsstandards&nbsp;und achten auf kontinuierliche Weiterbildung unserer Betreuungspersonen und unserer Vermittlerin.<\/p>\n\n\n\n<p>Haben Sie Interesse an einem Betreuungsplatz? Dann freuen wir uns auf <a href=\"https:\/\/tagesfamilien-risa.ch\/wp-content\/uploads\/2024\/04\/Anmeldung-ab-1.1.2024-2.pdf\" data-type=\"link\" data-id=\"https:\/\/tagesfamilien-risa.ch\/wp-content\/uploads\/2024\/04\/Anmeldung-ab-1.1.2024-2.pdf\">Ihre Anmeldung<\/a> oder Ihre Kontaktnahme mit unserer Vermittlerin f\u00fcr weitere Informationen. <\/p>\n\n\n\n<p><strong>Zugeh\u00f6rige Unterlagen:<\/strong><\/p>\n\n\n\n<div class=\"wp-block-group\"><div class=\"wp-block-group__inner-container is-layout-constrained wp-block-group-is-layout-constrained\">\n<div class=\"wp-block-columns is-layout-flex wp-container-core-columns-is-layout-9d6595d7 wp-block-columns-is-layout-flex\">\n<div class=\"wp-block-column is-vertically-aligned-stretch is-layout-flow wp-block-column-is-layout-flow\" style=\"flex-basis:100%\">\n<div class=\"wp-block-group is-vertical is-content-justification-left is-layout-flex wp-container-core-group-is-layout-ad3db600 wp-block-group-is-layout-flex\">\n<div class=\"wp-block-columns is-layout-flex wp-container-core-columns-is-layout-9d6595d7 wp-block-columns-is-layout-flex\">\n<div class=\"wp-block-column is-layout-flow wp-block-column-is-layout-flow\" style=\"flex-basis:100%\">\n<div class=\"wp-block-group\"><div class=\"wp-block-group__inner-container is-layout-constrained wp-block-group-is-layout-constrained\">\n<div class=\"wp-block-columns is-layout-flex wp-container-core-columns-is-layout-9d6595d7 wp-block-columns-is-layout-flex\">\n<div class=\"wp-block-column is-layout-flow wp-block-column-is-layout-flow\" style=\"flex-basis:100%\">\n<p class=\"has-text-align-left\"><a href=\"https:\/\/tagesfamilien-risa.ch\/wp-content\/uploads\/2025\/09\/Anmeldung-ab-1.8.2025.pdf\">Anmeldung f\u00fcr einen Betreungsplatz<\/a><\/p>\n<\/div>\n<\/div>\n<\/div><\/div>\n<\/div>\n<\/div>\n<\/div>\n<\/div>\n<\/div>\n<\/div><\/div>\n\n\n\n<div class=\"wp-block-group\"><div class=\"wp-block-group__inner-container is-layout-constrained wp-block-group-is-layout-constrained\">\n<div class=\"wp-block-columns is-layout-flex wp-container-core-columns-is-layout-9d6595d7 wp-block-columns-is-layout-flex\">\n<div class=\"wp-block-column is-vertically-aligned-top is-layout-flow wp-block-column-is-layout-flow\" style=\"flex-basis:100%\">\n<div class=\"wp-block-columns is-layout-flex wp-container-core-columns-is-layout-9d6595d7 wp-block-columns-is-layout-flex\">\n<div class=\"wp-block-column is-vertically-aligned-center is-layout-flow wp-block-column-is-layout-flow\" style=\"flex-basis:100%\"><\/div>\n<\/div>\n<\/div>\n<\/div>\n<\/div><\/div>\n\n\n\n<p><a href=\"https:\/\/tagesfamilien-risa.ch\/wp-content\/uploads\/2025\/04\/Tarife-ab-01.08.2025.pdf\">Tarife g\u00fcltig ab 1. August 2025<\/a><\/p>\n\n\n\n<div class=\"wp-block-group\"><div class=\"wp-block-group__inner-container is-layout-constrained wp-block-group-is-layout-constrained\">\n<div class=\"wp-block-group\"><div class=\"wp-block-group__inner-container is-layout-constrained wp-block-group-is-layout-constrained\">\n<div class=\"wp-block-group is-nowrap is-layout-flex wp-container-core-group-is-layout-64989fb1 wp-block-group-is-layout-flex\">\n<div class=\"wp-block-columns is-layout-flex wp-container-core-columns-is-layout-9d6595d7 wp-block-columns-is-layout-flex\">\n<div class=\"wp-block-column is-layout-flow wp-block-column-is-layout-flow\" style=\"flex-basis:100%\">\n<p><a href=\"https:\/\/tagesfamilien-risa.ch\/wp-content\/uploads\/2024\/06\/Antrag-auf-Tarifreduktion_1.1.2024-2.pdf\" data-type=\"attachment\" data-id=\"352\">Antrag auf Tarifreduktion<\/a><\/p>\n<\/div>\n<\/div>\n<\/div>\n<\/div><\/div>\n<\/div><\/div>\n\n\n\n<div class=\"wp-block-group\"><div class=\"wp-block-group__inner-container is-layout-constrained wp-block-group-is-layout-constrained\">\n<p><a href=\"https:\/\/tagesfamilien-risa.ch\/wp-content\/uploads\/2025\/04\/Hilfsblatt-Provisorische-Berechnung_1.8.2025_neue-Kunden-1.pdf\">Hilfsblatt prov. Berechnung (Anhang zum Antrag Tarifreduktion)<\/a><\/p>\n<\/div><\/div>\n\n\n\n<div class=\"wp-block-columns is-layout-flex wp-container-core-columns-is-layout-9d6595d7 wp-block-columns-is-layout-flex\">\n<div class=\"wp-block-column is-layout-flow wp-block-column-is-layout-flow\"><\/div>\n\n\n\n<div class=\"wp-block-column is-layout-flow wp-block-column-is-layout-flow\"><\/div>\n<\/div>\n\n\n\n<p><a href=\"https:\/\/tagesfamilien-risa.ch\/wp-content\/uploads\/2025\/04\/Broschuere_TFV-Betriebsregl.-04.2025-1.pdf\">Betriebs- und Beitragsreglement\/-verordnung g\u00fcltig ab 1. August 2025 (bindender Bestandteil der Betreuungsvereinbarung) <\/a><\/p>\n\n\n\n<p><a href=\"https:\/\/tagesfamilien-risa.ch\/wp-content\/uploads\/2025\/08\/Betreuungskosten-Tagesfamilienverein-ab-01.08.2025_geschuetzt.xls\">Provisorischer Tarifrechner<\/a><\/p>\n\n\n\n<div class=\"wp-block-columns is-layout-flex wp-container-core-columns-is-layout-9d6595d7 wp-block-columns-is-layout-flex\">\n<div class=\"wp-block-column is-layout-flow wp-block-column-is-layout-flow\"><\/div>\n<\/div>\n\n\n\n<p><strong>Weitere Links:<\/strong><\/p>\n\n\n\n<p><a href=\"http:\/\/www.kibesuisse.ch\" data-type=\"URL\" data-id=\"www.kibesuisse.ch\" target=\"_blank\" rel=\"noreferrer noopener\">kibesuisse<\/a><\/p>\n\n\n\n<p>G<a rel=\"noreferrer noopener\" href=\"http:\/\/www.richterswil.ch\" data-type=\"URL\" data-id=\"www.richterswil.ch\" target=\"_blank\">emeinde Richterswil<\/a><\/p>\n","protected":false},"excerpt":{"rendered":"<p>Wir bieten Ihrem Kind eine famili\u00e4re und qualifizierte Betreuung in der Gemeinde Richterswil-Samstagern an.&nbsp;Das Kind wird behutsam in die Familie integriert und profitiert so von vertrauten Strukturen und \u00fcberschaubaren Gruppen. Die Betreuung in einer Tagesfamilie unterscheidet sich von anderen Betreuungsformen insbesondere durch Flexibilit\u00e4t, Familienn\u00e4he und Individualit\u00e4t sowie durch die Konstanz der Bezugspersonen. Die Betreuungszeiten richten &hellip; <a href=\"https:\/\/tagesfamilien-risa.ch\/?page_id=12\" class=\"more-link\"><span class=\"screen-reader-text\">F\u00fcr Eltern<\/span> weiterlesen<\/a><\/p>\n","protected":false},"author":4,"featured_media":0,"parent":0,"menu_order":0,"comment_status":"closed","ping_status":"closed","template":"","meta":{"footnotes":""},"class_list":["post-12","page","type-page","status-publish","hentry"],"yoast_head":"<!-- This site is optimized with the Yoast SEO plugin v27.4 - https:\/\/yoast.com\/product\/yoast-seo-wordpress\/ -->\n<title>F\u00fcr Eltern - Tagesfamilienverein Richterswil-Samstagern<\/title>\n<meta name=\"robots\" content=\"index, follow, max-snippet:-1, max-image-preview:large, max-video-preview:-1\" \/>\n<link rel=\"canonical\" href=\"https:\/\/tagesfamilien-risa.ch\/?page_id=12\" \/>\n<meta property=\"og:locale\" content=\"de_DE\" \/>\n<meta property=\"og:type\" content=\"article\" \/>\n<meta property=\"og:title\" content=\"F\u00fcr Eltern - Tagesfamilienverein Richterswil-Samstagern\" \/>\n<meta property=\"og:description\" content=\"Wir bieten Ihrem Kind eine famili\u00e4re und qualifizierte Betreuung in der Gemeinde Richterswil-Samstagern an.&nbsp;Das Kind wird behutsam in die Familie integriert und profitiert so von vertrauten Strukturen und \u00fcberschaubaren Gruppen. Die Betreuung in einer Tagesfamilie unterscheidet sich von anderen Betreuungsformen insbesondere durch Flexibilit\u00e4t, Familienn\u00e4he und Individualit\u00e4t sowie durch die Konstanz der Bezugspersonen. Die Betreuungszeiten richten &hellip; F\u00fcr Eltern weiterlesen\" \/>\n<meta property=\"og:url\" content=\"https:\/\/tagesfamilien-risa.ch\/?page_id=12\" \/>\n<meta property=\"og:site_name\" content=\"Tagesfamilienverein Richterswil-Samstagern\" \/>\n<meta property=\"article:modified_time\" content=\"2025-09-10T09:23:38+00:00\" \/>\n<meta name=\"twitter:card\" content=\"summary_large_image\" \/>\n<meta name=\"twitter:label1\" content=\"Gesch\u00e4tzte Lesezeit\" \/>\n\t<meta name=\"twitter:data1\" content=\"1\u00a0Minute\" \/>\n<script type=\"application\/ld+json\" class=\"yoast-schema-graph\">{\"@context\":\"https:\\\/\\\/schema.org\",\"@graph\":[{\"@type\":\"WebPage\",\"@id\":\"https:\\\/\\\/tagesfamilien-risa.ch\\\/?page_id=12\",\"url\":\"https:\\\/\\\/tagesfamilien-risa.ch\\\/?page_id=12\",\"name\":\"F\u00fcr Eltern - Tagesfamilienverein Richterswil-Samstagern\",\"isPartOf\":{\"@id\":\"https:\\\/\\\/tagesfamilien-risa.ch\\\/#website\"},\"datePublished\":\"2021-08-09T14:28:58+00:00\",\"dateModified\":\"2025-09-10T09:23:38+00:00\",\"breadcrumb\":{\"@id\":\"https:\\\/\\\/tagesfamilien-risa.ch\\\/?page_id=12#breadcrumb\"},\"inLanguage\":\"de\",\"potentialAction\":[{\"@type\":\"ReadAction\",\"target\":[\"https:\\\/\\\/tagesfamilien-risa.ch\\\/?page_id=12\"]}]},{\"@type\":\"BreadcrumbList\",\"@id\":\"https:\\\/\\\/tagesfamilien-risa.ch\\\/?page_id=12#breadcrumb\",\"itemListElement\":[{\"@type\":\"ListItem\",\"position\":1,\"name\":\"Startseite\",\"item\":\"https:\\\/\\\/tagesfamilien-risa.ch\\\/\"},{\"@type\":\"ListItem\",\"position\":2,\"name\":\"F\u00fcr Eltern\"}]},{\"@type\":\"WebSite\",\"@id\":\"https:\\\/\\\/tagesfamilien-risa.ch\\\/#website\",\"url\":\"https:\\\/\\\/tagesfamilien-risa.ch\\\/\",\"name\":\"Tagesfamilienverein Richterswil-Samstagern\",\"description\":\"\",\"publisher\":{\"@id\":\"https:\\\/\\\/tagesfamilien-risa.ch\\\/#organization\"},\"potentialAction\":[{\"@type\":\"SearchAction\",\"target\":{\"@type\":\"EntryPoint\",\"urlTemplate\":\"https:\\\/\\\/tagesfamilien-risa.ch\\\/?s={search_term_string}\"},\"query-input\":{\"@type\":\"PropertyValueSpecification\",\"valueRequired\":true,\"valueName\":\"search_term_string\"}}],\"inLanguage\":\"de\"},{\"@type\":\"Organization\",\"@id\":\"https:\\\/\\\/tagesfamilien-risa.ch\\\/#organization\",\"name\":\"Tagesfamilienverein Richterswil-Samstagern\",\"url\":\"https:\\\/\\\/tagesfamilien-risa.ch\\\/\",\"logo\":{\"@type\":\"ImageObject\",\"inLanguage\":\"de\",\"@id\":\"https:\\\/\\\/tagesfamilien-risa.ch\\\/#\\\/schema\\\/logo\\\/image\\\/\",\"url\":\"https:\\\/\\\/tagesfamilien-risa.ch\\\/wp-content\\\/uploads\\\/2021\\\/08\\\/cropped-cropped-Screenshot-2021-06-16-at-22.58.11.png\",\"contentUrl\":\"https:\\\/\\\/tagesfamilien-risa.ch\\\/wp-content\\\/uploads\\\/2021\\\/08\\\/cropped-cropped-Screenshot-2021-06-16-at-22.58.11.png\",\"width\":1048,\"height\":87,\"caption\":\"Tagesfamilienverein Richterswil-Samstagern\"},\"image\":{\"@id\":\"https:\\\/\\\/tagesfamilien-risa.ch\\\/#\\\/schema\\\/logo\\\/image\\\/\"}}]}<\/script>\n<!-- \/ Yoast SEO plugin. -->","yoast_head_json":{"title":"F\u00fcr Eltern - Tagesfamilienverein Richterswil-Samstagern","robots":{"index":"index","follow":"follow","max-snippet":"max-snippet:-1","max-image-preview":"max-image-preview:large","max-video-preview":"max-video-preview:-1"},"canonical":"https:\/\/tagesfamilien-risa.ch\/?page_id=12","og_locale":"de_DE","og_type":"article","og_title":"F\u00fcr Eltern - Tagesfamilienverein Richterswil-Samstagern","og_description":"Wir bieten Ihrem Kind eine famili\u00e4re und qualifizierte Betreuung in der Gemeinde Richterswil-Samstagern an.&nbsp;Das Kind wird behutsam in die Familie integriert und profitiert so von vertrauten Strukturen und \u00fcberschaubaren Gruppen. Die Betreuung in einer Tagesfamilie unterscheidet sich von anderen Betreuungsformen insbesondere durch Flexibilit\u00e4t, Familienn\u00e4he und Individualit\u00e4t sowie durch die Konstanz der Bezugspersonen. Die Betreuungszeiten richten &hellip; F\u00fcr Eltern weiterlesen","og_url":"https:\/\/tagesfamilien-risa.ch\/?page_id=12","og_site_name":"Tagesfamilienverein Richterswil-Samstagern","article_modified_time":"2025-09-10T09:23:38+00:00","twitter_card":"summary_large_image","twitter_misc":{"Gesch\u00e4tzte Lesezeit":"1\u00a0Minute"},"schema":{"@context":"https:\/\/schema.org","@graph":[{"@type":"WebPage","@id":"https:\/\/tagesfamilien-risa.ch\/?page_id=12","url":"https:\/\/tagesfamilien-risa.ch\/?page_id=12","name":"F\u00fcr Eltern - Tagesfamilienverein Richterswil-Samstagern","isPartOf":{"@id":"https:\/\/tagesfamilien-risa.ch\/#website"},"datePublished":"2021-08-09T14:28:58+00:00","dateModified":"2025-09-10T09:23:38+00:00","breadcrumb":{"@id":"https:\/\/tagesfamilien-risa.ch\/?page_id=12#breadcrumb"},"inLanguage":"de","potentialAction":[{"@type":"ReadAction","target":["https:\/\/tagesfamilien-risa.ch\/?page_id=12"]}]},{"@type":"BreadcrumbList","@id":"https:\/\/tagesfamilien-risa.ch\/?page_id=12#breadcrumb","itemListElement":[{"@type":"ListItem","position":1,"name":"Startseite","item":"https:\/\/tagesfamilien-risa.ch\/"},{"@type":"ListItem","position":2,"name":"F\u00fcr Eltern"}]},{"@type":"WebSite","@id":"https:\/\/tagesfamilien-risa.ch\/#website","url":"https:\/\/tagesfamilien-risa.ch\/","name":"Tagesfamilienverein Richterswil-Samstagern","description":"","publisher":{"@id":"https:\/\/tagesfamilien-risa.ch\/#organization"},"potentialAction":[{"@type":"SearchAction","target":{"@type":"EntryPoint","urlTemplate":"https:\/\/tagesfamilien-risa.ch\/?s={search_term_string}"},"query-input":{"@type":"PropertyValueSpecification","valueRequired":true,"valueName":"search_term_string"}}],"inLanguage":"de"},{"@type":"Organization","@id":"https:\/\/tagesfamilien-risa.ch\/#organization","name":"Tagesfamilienverein Richterswil-Samstagern","url":"https:\/\/tagesfamilien-risa.ch\/","logo":{"@type":"ImageObject","inLanguage":"de","@id":"https:\/\/tagesfamilien-risa.ch\/#\/schema\/logo\/image\/","url":"https:\/\/tagesfamilien-risa.ch\/wp-content\/uploads\/2021\/08\/cropped-cropped-Screenshot-2021-06-16-at-22.58.11.png","contentUrl":"https:\/\/tagesfamilien-risa.ch\/wp-content\/uploads\/2021\/08\/cropped-cropped-Screenshot-2021-06-16-at-22.58.11.png","width":1048,"height":87,"caption":"Tagesfamilienverein Richterswil-Samstagern"},"image":{"@id":"https:\/\/tagesfamilien-risa.ch\/#\/schema\/logo\/image\/"}}]}},"_links":{"self":[{"href":"https:\/\/tagesfamilien-risa.ch\/index.php?rest_route=\/wp\/v2\/pages\/12","targetHints":{"allow":["GET"]}}],"collection":[{"href":"https:\/\/tagesfamilien-risa.ch\/index.php?rest_route=\/wp\/v2\/pages"}],"about":[{"href":"https:\/\/tagesfamilien-risa.ch\/index.php?rest_route=\/wp\/v2\/types\/page"}],"author":[{"embeddable":true,"href":"https:\/\/tagesfamilien-risa.ch\/index.php?rest_route=\/wp\/v2\/users\/4"}],"replies":[{"embeddable":true,"href":"https:\/\/tagesfamilien-risa.ch\/index.php?rest_route=%2Fwp%2Fv2%2Fcomments&post=12"}],"version-history":[{"count":55,"href":"https:\/\/tagesfamilien-risa.ch\/index.php?rest_route=\/wp\/v2\/pages\/12\/revisions"}],"predecessor-version":[{"id":616,"href":"https:\/\/tagesfamilien-risa.ch\/index.php?rest_route=\/wp\/v2\/pages\/12\/revisions\/616"}],"wp:attachment":[{"href":"https:\/\/tagesfamilien-risa.ch\/index.php?rest_route=%2Fwp%2Fv2%2Fmedia&parent=12"}],"curies":[{"name":"wp","href":"https:\/\/api.w.org\/{rel}","templated":true}]}}